{"id":4311,"date":"2021-01-26T17:54:31","date_gmt":"2021-01-26T17:54:31","guid":{"rendered":"https:\/\/www.cerealveneta.it\/e-number-free\/"},"modified":"2021-03-25T12:47:26","modified_gmt":"2021-03-25T11:47:26","slug":"e-number-free","status":"publish","type":"page","link":"https:\/\/cerealveneta.it\/fr\/e-number-free\/","title":{"rendered":"\u201cE-Number\u201d free"},"content":{"rendered":"<section class=\"l-section wpb_row height_medium\"><div class=\"l-section-h i-cf\"><div class=\"g-cols vc_row via_flex valign_top type_default stacking_default\"><div class=\"vc_col-sm-12 wpb_column vc_column_container\"><div class=\"vc_column-inner\"><div class=\"wpb_wrapper\"><div class=\"wpb_text_column\"><div class=\"wpb_wrapper\"><h1>Comment puis-je supprimer les \u201c<em><span style=\"color: #f08300;\"><strong>E-Number <\/strong><\/span><\/em>\u201d dans mes formulations?<\/h1>\n<\/div><\/div><div class=\"g-cols wpb_row via_flex valign_top type_default stacking_default\"><div class=\"vc_col-sm-8 wpb_column vc_column_container\"><div class=\"vc_column-inner\"><div class=\"wpb_wrapper\"><div class=\"wpb_text_column\"><div class=\"wpb_wrapper\"><p>Les plus grandes analyses de march\u00e9 effectu\u00e9es (Nielsen 2019), mettent en \u00e9vidence le fait que les consommateurs ach\u00e8tent toujours plus de produits pr\u00e9sentant une \u00ab\u00a0\u00c9tiquette propre\u00a0\u00bb, et qu&rsquo;ils pr\u00e9f\u00e8rent les aliments sans composants de synth\u00e8se chimique tels que les agents \u00e9paississants, \u00e9mulsifiants, g\u00e9lifiants, etc..<br \/>\n\u00c9viter l&rsquo;utilisation de ces mol\u00e9cules repr\u00e9sente de gros efforts de recherche, ce qui n\u00e9cessite l&rsquo;utilisation, lors de la production, de tous les produits semi-finis provenant des c\u00e9r\u00e9ales, des l\u00e9gumineuses et de graines ol\u00e9agineuses, qui par leur nature, peuvent exercer des fonctions technologiques am\u00e9liorant la consistance des produits finis.<\/p>\n<p>Il est donc indispensable d&rsquo;appliquer des processus sp\u00e9cifiques sur la mati\u00e8re premi\u00e8re pour accro\u00eetre ses propri\u00e9t\u00e9s technologiques, qui am\u00e9liorent naturellement le produit, tout minimisant leur utilisation. Selon la propri\u00e9t\u00e9 technologique recherch\u00e9e, CerealVeneta propose des produits semi-finis qui contribuent \u00e0 la fonction n\u00e9cessaire, tout en permettant d&rsquo;\u00e9viter l&rsquo;utilisation de produits de synth\u00e8se.<\/p>\n<\/div><\/div><\/div><\/div><\/div><div class=\"vc_col-sm-4 wpb_column vc_column_container\"><div class=\"vc_column-inner\"><div class=\"wpb_wrapper\"><div class=\"w-image align_none\"><div class=\"w-image-h\"><img width=\"1200\" height=\"899\" src=\"https:\/\/cerealveneta.it\/wp-content\/uploads\/2020\/11\/clean-label.jpg\" class=\"attachment-full size-full\" alt=\"\" loading=\"lazy\" srcset=\"https:\/\/cerealveneta.it\/wp-content\/uploads\/2020\/11\/clean-label.jpg 1200w, https:\/\/cerealveneta.it\/wp-content\/uploads\/2020\/11\/clean-label-300x225.jpg 300w, https:\/\/cerealveneta.it\/wp-content\/uploads\/2020\/11\/clean-label-1024x767.jpg 1024w\" sizes=\"(max-width: 1200px) 100vw, 1200px\" \/><\/div><\/div><\/div><\/div><\/div><\/div><\/div><\/div><\/div><\/div><\/div><\/section><section class=\"l-section wpb_row height_medium\"><div class=\"l-section-h i-cf\"><div class=\"g-cols vc_row via_flex valign_top type_default stacking_default\"><div class=\"vc_col-sm-12 wpb_column vc_column_container\"><div class=\"vc_column-inner\"><div class=\"wpb_wrapper\"><div class=\"wpb_text_column\"><div class=\"wpb_wrapper\"><h4>Quelques solutions pour vos besoins<\/h4>\n<\/div><\/div><div class=\"w-grid type_grid layout_2592 cols_4 overflow_hidden\" id=\"color-shade\"><style>#color-shade .w-grid-item{padding:1.5rem}#color-shade .w-grid-list{margin:-1.5rem}.w-grid + #color-shade .w-grid-list,.w-grid-none + #color-shade .w-grid-list{margin-top:1.5rem}@media (max-width:1199px){#color-shade .w-grid-item{width:33.3333%}}@media (max-width:899px){#color-shade .w-grid-item{width:50%}}@media (max-width:599px){#color-shade .w-grid-list{margin:0}#color-shade .w-grid-item{width:100%;padding:0;margin-bottom:1.5rem}}.layout_2592 .w-grid-item-h{background:#fff;color:#333;border-radius:0.3rem;box-shadow:0 0.03rem 0.06rem rgba(0,0,0,0.1),0 0.1rem 0.3rem rgba(0,0,0,0.1);transition-duration:0.3s}.no-touch .layout_2592 .w-grid-item-h:hover{box-shadow:0 0.1rem 0.2rem rgba(0,0,0,0.1),0 0.33rem 1rem rgba(0,0,0,0.15);z-index:4}.layout_2592 .usg_post_title_1{font-weight:700!important;font-size:19.2px!important;line-height:1.2!important;padding:15px 10px 15px 10px!important}<\/style><div class=\"w-grid-list\">\t<article class=\"w-grid-item size_1x1 post-5459 semilavorati type-semilavorati status-publish has-post-thumbnail hentry category-non-classifiee\" data-id=\"5459\">\r\n\t\t<div class=\"w-grid-item-h\">\r\n\t\t\t\t\t\t<div class=\"w-post-elm post_image usg_post_image_1 has_ratio\"><div style=\"padding-bottom:75%\"><\/div><a href=\"https:\/\/cerealveneta.it\/fr\/semi-finis\/farine-de-lentilles-corail-micronisees\/\" aria-label=\"Farine de lentilles corail micronis\u00e9es\"><img width=\"600\" height=\"400\" src=\"https:\/\/cerealveneta.it\/wp-content\/uploads\/2023\/03\/Farina-Lenticchie-Rosse_sq-600x400.jpg\" class=\"attachment-us_600_400_crop size-us_600_400_crop wp-post-image\" alt=\"\" loading=\"lazy\" \/><\/a><\/div><div class=\"w-vwrapper usg_vwrapper_1 align_left valign_top\"><h2 class=\"w-post-elm post_title usg_post_title_1 entry-title color_link_inherit\"><a href=\"https:\/\/cerealveneta.it\/fr\/semi-finis\/farine-de-lentilles-corail-micronisees\/\">Farine de lentilles corail micronis\u00e9es<\/a><\/h2><\/div>\t\t<\/div>\r\n\t<\/article>\r\n\t<article class=\"w-grid-item size_1x1 post-5430 semilavorati type-semilavorati status-publish has-post-thumbnail hentry category-non-classifiee\" data-id=\"5430\">\r\n\t\t<div class=\"w-grid-item-h\">\r\n\t\t\t\t\t\t<div class=\"w-post-elm post_image usg_post_image_1 has_ratio\"><div style=\"padding-bottom:75%\"><\/div><a href=\"https:\/\/cerealveneta.it\/fr\/semi-finis\/farine-de-tournesol-toaste\/\" aria-label=\"Farine de tournesol toast\u00e9\"><img width=\"600\" height=\"400\" src=\"https:\/\/cerealveneta.it\/wp-content\/uploads\/2023\/03\/Farina-Pannello-Girasole_sq-600x400.jpg\" class=\"attachment-us_600_400_crop size-us_600_400_crop wp-post-image\" alt=\"\" loading=\"lazy\" \/><\/a><\/div><div class=\"w-vwrapper usg_vwrapper_1 align_left valign_top\"><h2 class=\"w-post-elm post_title usg_post_title_1 entry-title color_link_inherit\"><a href=\"https:\/\/cerealveneta.it\/fr\/semi-finis\/farine-de-tournesol-toaste\/\">Farine de tournesol toast\u00e9<\/a><\/h2><\/div>\t\t<\/div>\r\n\t<\/article>\r\n<\/div><div class=\"w-grid-preloader\"><div class=\"g-preloader type_1\">\r\n\t<div><\/div>\r\n<\/div>\r\n<\/div>\t<div class=\"w-grid-json hidden\" onclick='return {&quot;action&quot;:&quot;us_ajax_grid&quot;,&quot;ajax_url&quot;:&quot;https:\\\/\\\/cerealveneta.it\\\/wp-admin\\\/admin-ajax.php&quot;,&quot;infinite_scroll&quot;:0,&quot;max_num_pages&quot;:1,&quot;pagination&quot;:&quot;none&quot;,&quot;permalink_url&quot;:&quot;https:\\\/\\\/cerealveneta.it\\\/fr\\\/wp-json\\\/wp\\\/v2\\\/pages\\\/4311\\\/&quot;,&quot;template_vars&quot;:{&quot;columns&quot;:&quot;4&quot;,&quot;exclude_items&quot;:&quot;none&quot;,&quot;img_size&quot;:&quot;default&quot;,&quot;ignore_items_size&quot;:0,&quot;items_layout&quot;:&quot;2592&quot;,&quot;items_offset&quot;:&quot;1&quot;,&quot;load_animation&quot;:&quot;none&quot;,&quot;overriding_link&quot;:&quot;none&quot;,&quot;post_id&quot;:4311,&quot;query_args&quot;:{&quot;ignore_sticky_posts&quot;:1,&quot;post_type&quot;:&quot;any&quot;,&quot;post__in&quot;:[&quot;3064&quot;,&quot;3075&quot;,&quot;3690&quot;,&quot;3613&quot;],&quot;posts_per_page&quot;:&quot;10&quot;},&quot;orderby_query_args&quot;:{&quot;orderby&quot;:{&quot;title&quot;:&quot;ASC&quot;},&quot;order&quot;:&quot;ASC&quot;},&quot;type&quot;:&quot;grid&quot;,&quot;us_grid_ajax_index&quot;:1,&quot;us_grid_filter_params&quot;:null,&quot;us_grid_index&quot;:1,&quot;_us_grid_post_type&quot;:&quot;ids&quot;,&quot;lang&quot;:&quot;fr&quot;}}'><\/div>\r\n\t<\/div><div class=\"w-separator size_medium\"><\/div><section class=\"l-section wpb_row height_small\"><div class=\"l-section-overlay\" style=\"background:#f5f5f5\"><\/div><div class=\"l-section-h i-cf\"><div class=\"g-cols vc_row via_flex valign_middle type_default stacking_default\"><div class=\"vc_col-sm-8 wpb_column vc_column_container\"><div class=\"vc_column-inner\"><div class=\"wpb_wrapper\"><div class=\"wpb_text_column\"><div class=\"wpb_wrapper\"><h4>Mettez-vous en contact avec nos techniciens pour \u00e9valuer d&rsquo; autres solutions pour Farine de tournesol toast\u00e9<\/h4>\n<\/div><\/div><\/div><\/div><\/div><div class=\"vc_col-sm-4 wpb_column vc_column_container\"><div class=\"vc_column-inner\"><div class=\"wpb_wrapper\"><div class=\"w-btn-wrapper align_center\"><a class=\"w-btn us-btn-style_1\" title=\"Contact\" href=\"https:\/\/cerealveneta.it\/fr\/contact\/\"><span class=\"w-btn-label\">CONTACTEZ-NOUS<\/span><\/a><\/div><\/div><\/div><\/div><\/div><\/div><\/section>\n<\/div><\/div><\/div><\/div><\/div><\/section><section class=\"l-section wpb_row height_medium\"><div class=\"l-section-h i-cf\"><div class=\"g-cols vc_row via_flex valign_top type_default stacking_default\"><div class=\"vc_col-sm-12 wpb_column vc_column_container\"><div class=\"vc_column-inner\"><div class=\"wpb_wrapper\"><div class=\"wpb_text_column\"><div class=\"wpb_wrapper\"><h4>Contenus d&rsquo;approfondiment<\/h4>\n<\/div><\/div><div class=\"w-grid type_grid layout_2592 cols_4 overflow_hidden\" id=\"color-shade\"><style>#color-shade .w-grid-item{padding:1.5rem}#color-shade .w-grid-list{margin:-1.5rem}.w-grid + #color-shade .w-grid-list,.w-grid-none + #color-shade .w-grid-list{margin-top:1.5rem}@media (max-width:1199px){#color-shade .w-grid-item{width:33.3333%}}@media (max-width:899px){#color-shade .w-grid-item{width:50%}}@media (max-width:599px){#color-shade .w-grid-list{margin:0}#color-shade .w-grid-item{width:100%;padding:0;margin-bottom:1.5rem}}<\/style><div class=\"w-grid-list\">\t<article class=\"w-grid-item size_1x1 post-5556 post type-post status-publish format-standard has-post-thumbnail hentry\" data-id=\"5556\">\r\n\t\t<div class=\"w-grid-item-h\">\r\n\t\t\t\t\t\t<div class=\"w-post-elm post_image usg_post_image_1 has_ratio\"><div style=\"padding-bottom:75%\"><\/div><a href=\"https:\/\/cerealveneta.it\/fr\/can-oxidation-and-lipase-issues-in-semi-finished-products-be-avoided-without-using-e-numbers\/\" aria-label=\"L&rsquo;oxydation et les lipases dans les produits semi-finis peuvent-elles \u00eatre emp\u00each\u00e9es sans \u201cE\u201d number ?\"><img width=\"600\" height=\"338\" src=\"https:\/\/cerealveneta.it\/wp-content\/uploads\/2020\/05\/copertina.jpg\" class=\"attachment-us_600_400_crop size-us_600_400_crop wp-post-image\" alt=\"\" loading=\"lazy\" srcset=\"https:\/\/cerealveneta.it\/wp-content\/uploads\/2020\/05\/copertina.jpg 1424w, https:\/\/cerealveneta.it\/wp-content\/uploads\/2020\/05\/copertina-300x169.jpg 300w, https:\/\/cerealveneta.it\/wp-content\/uploads\/2020\/05\/copertina-1024x576.jpg 1024w\" sizes=\"(max-width: 600px) 100vw, 600px\" \/><\/a><\/div><div class=\"w-vwrapper usg_vwrapper_1 align_left valign_top\"><h2 class=\"w-post-elm post_title usg_post_title_1 entry-title color_link_inherit\"><a href=\"https:\/\/cerealveneta.it\/fr\/can-oxidation-and-lipase-issues-in-semi-finished-products-be-avoided-without-using-e-numbers\/\">L&rsquo;oxydation et les lipases dans les produits semi-finis peuvent-elles \u00eatre emp\u00each\u00e9es sans \u201cE\u201d number ?<\/a><\/h2><\/div>\t\t<\/div>\r\n\t<\/article>\r\n\t<article class=\"w-grid-item size_1x1 post-5555 post type-post status-publish format-standard has-post-thumbnail hentry\" data-id=\"5555\">\r\n\t\t<div class=\"w-grid-item-h\">\r\n\t\t\t\t\t\t<div class=\"w-post-elm post_image usg_post_image_1 has_ratio\"><div style=\"padding-bottom:75%\"><\/div><a href=\"https:\/\/cerealveneta.it\/fr\/mild-roasting-how-to-enhance-the-aromatic-component-of-cereals-seeds-and-pulses\/\" aria-label=\"La \u201ctorr\u00e9faction douce\u201d: comment valoriser le composant aromatique des c\u00e9r\u00e9ales, des graines et des l\u00e9gumineuses\"><img width=\"600\" height=\"400\" src=\"https:\/\/cerealveneta.it\/wp-content\/uploads\/2020\/07\/immagine-in-evidenza-6-600x400.jpg\" class=\"attachment-us_600_400_crop size-us_600_400_crop wp-post-image\" alt=\"\" loading=\"lazy\" \/><\/a><\/div><div class=\"w-vwrapper usg_vwrapper_1 align_left valign_top\"><h2 class=\"w-post-elm post_title usg_post_title_1 entry-title color_link_inherit\"><a href=\"https:\/\/cerealveneta.it\/fr\/mild-roasting-how-to-enhance-the-aromatic-component-of-cereals-seeds-and-pulses\/\">La \u201ctorr\u00e9faction douce\u201d: comment valoriser le composant aromatique des c\u00e9r\u00e9ales, des graines et des l\u00e9gumineuses<\/a><\/h2><\/div>\t\t<\/div>\r\n\t<\/article>\r\n\t<article class=\"w-grid-item size_1x1 post-5561 post type-post status-publish format-standard has-post-thumbnail hentry category-nouvelles category-sans-gluten\" data-id=\"5561\">\r\n\t\t<div class=\"w-grid-item-h\">\r\n\t\t\t\t\t\t<div class=\"w-post-elm post_image usg_post_image_1 has_ratio\"><div style=\"padding-bottom:75%\"><\/div><a href=\"https:\/\/cerealveneta.it\/fr\/pea-fiber-for-the-food-industry\/\" aria-label=\"La fibre de pois pour l&rsquo;industrie alimentaire\"><img width=\"600\" height=\"338\" src=\"https:\/\/cerealveneta.it\/wp-content\/uploads\/2019\/09\/crusca-e-fibra-1.jpg\" class=\"attachment-us_600_400_crop size-us_600_400_crop wp-post-image\" alt=\"\" loading=\"lazy\" srcset=\"https:\/\/cerealveneta.it\/wp-content\/uploads\/2019\/09\/crusca-e-fibra-1.jpg 1628w, https:\/\/cerealveneta.it\/wp-content\/uploads\/2019\/09\/crusca-e-fibra-1-300x169.jpg 300w, https:\/\/cerealveneta.it\/wp-content\/uploads\/2019\/09\/crusca-e-fibra-1-1024x577.jpg 1024w\" sizes=\"(max-width: 600px) 100vw, 600px\" \/><\/a><\/div><div class=\"w-vwrapper usg_vwrapper_1 align_left valign_top\"><h2 class=\"w-post-elm post_title usg_post_title_1 entry-title color_link_inherit\"><a href=\"https:\/\/cerealveneta.it\/fr\/pea-fiber-for-the-food-industry\/\">La fibre de pois pour l&rsquo;industrie alimentaire<\/a><\/h2><\/div>\t\t<\/div>\r\n\t<\/article>\r\n<\/div><div class=\"w-grid-preloader\"><div class=\"g-preloader type_1\">\r\n\t<div><\/div>\r\n<\/div>\r\n<\/div>\t<div class=\"w-grid-json hidden\" onclick='return {&quot;action&quot;:&quot;us_ajax_grid&quot;,&quot;ajax_url&quot;:&quot;https:\\\/\\\/cerealveneta.it\\\/wp-admin\\\/admin-ajax.php&quot;,&quot;infinite_scroll&quot;:0,&quot;max_num_pages&quot;:1,&quot;pagination&quot;:&quot;none&quot;,&quot;permalink_url&quot;:&quot;https:\\\/\\\/cerealveneta.it\\\/fr\\\/wp-json\\\/wp\\\/v2\\\/pages\\\/4311\\\/&quot;,&quot;template_vars&quot;:{&quot;columns&quot;:&quot;4&quot;,&quot;exclude_items&quot;:&quot;none&quot;,&quot;img_size&quot;:&quot;default&quot;,&quot;ignore_items_size&quot;:0,&quot;items_layout&quot;:&quot;2592&quot;,&quot;items_offset&quot;:&quot;1&quot;,&quot;load_animation&quot;:&quot;none&quot;,&quot;overriding_link&quot;:&quot;none&quot;,&quot;post_id&quot;:5430,&quot;query_args&quot;:{&quot;ignore_sticky_posts&quot;:1,&quot;post_type&quot;:&quot;any&quot;,&quot;post__in&quot;:[&quot;2151&quot;,&quot;976&quot;,&quot;1901&quot;],&quot;posts_per_page&quot;:&quot;10&quot;},&quot;orderby_query_args&quot;:{&quot;orderby&quot;:{&quot;title&quot;:&quot;ASC&quot;},&quot;order&quot;:&quot;ASC&quot;},&quot;type&quot;:&quot;grid&quot;,&quot;us_grid_ajax_index&quot;:1,&quot;us_grid_filter_params&quot;:null,&quot;us_grid_index&quot;:2,&quot;_us_grid_post_type&quot;:&quot;ids&quot;,&quot;lang&quot;:&quot;fr&quot;}}'><\/div>\r\n\t<\/div><\/div><\/div><\/div><\/div><\/div><\/section>\n","protected":false},"excerpt":{"rendered":"CerealVeneta\u00a0propose des produits semi-finis pour l'industrie alimentaire provenant de la d\u00e9cortication des l\u00e9gumineuses en g\u00e9n\u00e9ral, et en particulier du\u00a0son de pois. La partie enzymatique est arr\u00eat\u00e9e \u00e0 travers un traitement thermique et la charge bact\u00e9rienne de la mati\u00e8re premi\u00e8re est contenue, en modifiant la dur\u00e9e de conservation du produit. Le contenu total en fibres alimentaires...","protected":false},"author":1,"featured_media":3389,"parent":0,"menu_order":0,"comment_status":"closed","ping_status":"closed","template":"","meta":[],"_links":{"self":[{"href":"https:\/\/cerealveneta.it\/fr\/wp-json\/wp\/v2\/pages\/4311"}],"collection":[{"href":"https:\/\/cerealveneta.it\/fr\/wp-json\/wp\/v2\/pages"}],"about":[{"href":"https:\/\/cerealveneta.it\/fr\/wp-json\/wp\/v2\/types\/page"}],"author":[{"embeddable":true,"href":"https:\/\/cerealveneta.it\/fr\/wp-json\/wp\/v2\/users\/1"}],"replies":[{"embeddable":true,"href":"https:\/\/cerealveneta.it\/fr\/wp-json\/wp\/v2\/comments?post=4311"}],"version-history":[{"count":6,"href":"https:\/\/cerealveneta.it\/fr\/wp-json\/wp\/v2\/pages\/4311\/revisions"}],"predecessor-version":[{"id":5513,"href":"https:\/\/cerealveneta.it\/fr\/wp-json\/wp\/v2\/pages\/4311\/revisions\/5513"}],"wp:featuredmedia":[{"embeddable":true,"href":"https:\/\/cerealveneta.it\/fr\/wp-json\/wp\/v2\/media\/3389"}],"wp:attachment":[{"href":"https:\/\/cerealveneta.it\/fr\/wp-json\/wp\/v2\/media?parent=4311"}],"curies":[{"name":"wp","href":"https:\/\/api.w.org\/{rel}","templated":true}]}}